{"id":138,"date":"2018-03-05T19:28:46","date_gmt":"2018-03-05T19:28:46","guid":{"rendered":"http:\/\/revolution.fuelthemes.net\/revolution-portfolio-slider\/?post_type=portfolio&#038;p=138"},"modified":"2024-12-04T09:11:52","modified_gmt":"2024-12-04T09:11:52","slug":"open-air-museum","status":"publish","type":"portfolio","link":"https:\/\/lericicoast.it\/parcoletterario\/portfolio\/open-air-museum\/","title":{"rendered":"Museo a Cielo Aperto"},"content":{"rendered":"<section class=\"wpb-content-wrapper\">[vc_row thb_full_width=&#8221;true&#8221; thb_scroll_bottom=&#8221;true&#8221; thb_scroll_bottom_style=&#8221;style2&#8243; thb_scroll_bottom_color=&#8221;light&#8221; css=&#8221;.vc_custom_1715664919572{padding-top: 33vh !important;padding-bottom: 33vh !important;background: #000000 url(https:\/\/lericicoast.it\/parcoletterario\/wp-content\/uploads\/2018\/03\/shelley-9.png?id=338) !important;background-position: center !important;background-repeat: no-repeat !important;background-size: cover !important;}&#8221; el_class=&#8221;portfolio-mast-head&#8221;][vc_column thb_color=&#8221;thb-light-column&#8221; el_class=&#8221;text-center&#8221;]\t<div id=\"thb-fadetype-69ef6bd2e3057\" class=\"thb-fadetype  thb-fadetype-style1\">\n\t\t\n<h1><span class=\"thb-fadetype-entry\">Open-Air Museum<\/span><\/h1>\n\t<\/div>\n\n\t\t<div id=\"thb-slidetype-69ef6bd2e30fc\" class=\"thb-slidetype \" data-style=\"style1\">\n\t\t\n<h2><span class=\"thb-slidetype-entry\"><span class=\"lines\">Pietraia della Rocchetta<\/span><\/span><\/h2>\n\t\t\t<\/div>\n\n\t[vc_row_inner][vc_column_inner width=&#8221;1\/4&#8243;][\/vc_column_inner][vc_column_inner width=&#8221;1\/2&#8243;][vc_column_text animation=&#8221;animation bottom-to-top&#8221;]Il nuovo Parco Letterario dedicato a Percy B. Shelley \u00e8 stato ideato in occasione del bicentenario dalla morte del poeta, avvenuta nel 1822. Il progetto ha l\u2019obiettivo di unire idealmente \u2013 e non solo \u2013 due luoghi unici e iconici: Parco Shelley a San Terenzo e la cosiddetta \u201cPietraia\u201d, ai piedi del Forte della Rocchetta.[\/vc_column_text][\/vc_column_inner][vc_column_inner width=&#8221;1\/4&#8243;][\/vc_column_inner][\/vc_row_inner][\/vc_column][\/vc_row][vc_row css=&#8221;.vc_custom_1717660276493{padding-top: 10vh !important;}&#8221; el_id=&#8221;opere&#8221;][vc_column]\t<div id=\"thb-accordion-69ef6bd2e3162\" class=\"thb-accordion style2 has-accordion\" data-scroll=\"true\" data-index=\"30\">\n\t\t[vc_tta_section title=&#8221;Oh sollevami come un\u2019onda (Rocchetta)&#8221; tab_id=&#8221;1717058579300-e50818be-0c1d&#8221;][vc_row_inner][vc_column_inner width=&#8221;1\/2&#8243;][vc_column_text]<span data-contrast=\"auto\">Verso tratto dalla poesia <\/span><i><span data-contrast=\"auto\">Ode al vento di Ponente<\/span><\/i><span data-contrast=\"auto\">, scritta alla fine di ottobre del 1819 a Firenze, in un bosco vicino all\u2019Arno, forse durante \u201cuna violenta tempesta di grandine e pioggia, accompagnata da quel magnifico tuonare e lampeggiare proprio delle regioni cisalpine\u201d che Shelley tanto amava e che cos\u00ec descrive. E\u2019 un\u2019ode, un inno e una preghiera al vento d\u2019autunno che sconvolge terra cielo e mare, trascinando foglie e semi, nuvole e onde, in un vortice inarrestabile. Shelley ha il cuore che sanguina per il troppo dolore del mondo \u2013aveva appena scritto sul massacro di Peterloo- per i suicidi in famiglia e per la perdita dei figli piccoli; si rivolge al vento come a un Dio, chiamandolo \u201cDestroyer and Preserver\u201d, che distrugge e\u00a0 preserva, come Siva e Visnu:\u00a0 gli chiede di essere sollevato \u201ccome un\u2019onda, come una foglia, una nuvola\u201d per annientarsi nel vortice degli elementi, che traduce in un gioco di allitterazioni, assonanze e rime, nei 70 versi della poesia. Ma al tempo stesso sa che alla dissoluzione, nel ciclo delle stagioni, seguir\u00e0 una rinascita, e allora prega quella forza cosmica di trasformarsi in lui \u201cSii tu, spirito fiero, il mio spirito, Sii tu me\u201d per dargli la forza di essere, con la sua poesia, portatore di una profezia di rigenerazione anche per gli uomini<\/span><span data-ccp-props=\"{&quot;335551550&quot;:6,&quot;335551620&quot;:6}\">\u00a0<\/span><\/p>\n<p><i><span data-contrast=\"auto\">oh Spirito selvaggio, che soffi ovunque,<\/span><\/i><span data-ccp-props=\"{&quot;335551550&quot;:2,&quot;335551620&quot;:2}\">\u00a0<\/span><\/p>\n<p><i><span data-contrast=\"auto\">distruggi e conservi; ascolta, oh, ascolta!<\/span><\/i><span data-ccp-props=\"{&quot;335551550&quot;:2,&quot;335551620&quot;:2}\">\u00a0<\/span><\/p>\n<p><i><span data-contrast=\"auto\">Che tu sia il mio spirito, o Spirito feroce!<\/span><\/i><span data-ccp-props=\"{&quot;335551550&quot;:2,&quot;335551620&quot;:2}\">\u00a0<\/span><\/p>\n<p><i><span data-contrast=\"auto\">Sii me stesso Spirito impetuoso!<\/span><\/i><span data-ccp-props=\"{&quot;335551550&quot;:2,&quot;335551620&quot;:2}\">\u00a0<\/span><\/p>\n<p><i><span data-contrast=\"auto\">Guida i miei morti pensieri per tutto l\u2019universo<\/span><\/i><span data-ccp-props=\"{&quot;335551550&quot;:2,&quot;335551620&quot;:2}\">\u00a0<\/span><\/p>\n<p><i><span data-contrast=\"auto\">come foglie appassite per darmi una nascita nuova!<\/span><\/i><span data-ccp-props=\"{&quot;335551550&quot;:2,&quot;335551620&quot;:2}\">\u00a0<\/span><\/p>\n<p><i><span data-contrast=\"auto\">E con l\u2019incanto di questi miei versi disperdi,<\/span><\/i><span data-ccp-props=\"{&quot;335551550&quot;:2,&quot;335551620&quot;:2,&quot;335559685&quot;:142,&quot;335559731&quot;:851}\">\u00a0<\/span><\/p>\n<p><i><span data-contrast=\"auto\">come le faville e le ceneri da un focolare<\/span><\/i><span data-ccp-props=\"{&quot;335551550&quot;:2,&quot;335551620&quot;:2}\">\u00a0<\/span><\/p>\n<p><i><span data-contrast=\"auto\">non ancora spento, le mie parole fra gi uomini!<\/span><\/i><span data-ccp-props=\"{&quot;335551550&quot;:2,&quot;335551620&quot;:2}\">\u00a0<\/span><\/p>\n<p><i><span data-contrast=\"auto\">E per la terra che dorme, attraverso il mio labbro,<\/span><\/i><span data-ccp-props=\"{&quot;335551550&quot;:2,&quot;335551620&quot;:2}\">\u00a0<\/span><\/p>\n<p><i><span data-contrast=\"auto\">sii la tromba di una profezia! Oh, Vento,<\/span><\/i><span data-ccp-props=\"{&quot;335551550&quot;:2,&quot;335551620&quot;:2}\">\u00a0<\/span><\/p>\n<p><i><span data-contrast=\"auto\">se viene l\u2019Inverno, potr\u00e0 la Primavera esser lontana?<\/span><\/i><span data-ccp-props=\"{&quot;335551550&quot;:2,&quot;335551620&quot;:2}\">\u00a0<\/span><\/p>\n<p><span data-ccp-props=\"{&quot;335551550&quot;:6,&quot;335551620&quot;:6}\">\u00a0<\/span>[\/vc_column_text][\/vc_column_inner][vc_column_inner width=&#8221;1\/2&#8243;]\t<div id=\"thb-image-69ef6bd2e346e\" class=\"caption-style1  alignleft   thb_image_link wp-caption \">\n\t\t\t<div class=\"thb-image-inner size_100\">\n\t\t\t<img loading=\"lazy\" decoding=\"async\" width=\"1080\" height=\"1080\" src=\"https:\/\/lericicoast.it\/parcoletterario\/wp-content\/uploads\/2024\/05\/1-1.png\" class=\"thb_image    attachment-full\" alt=\"\" title=\"1\" srcset=\"https:\/\/lericicoast.it\/parcoletterario\/wp-content\/uploads\/2024\/05\/1-1.png 1080w, https:\/\/lericicoast.it\/parcoletterario\/wp-content\/uploads\/2024\/05\/1-1-300x300.png 300w, https:\/\/lericicoast.it\/parcoletterario\/wp-content\/uploads\/2024\/05\/1-1-1024x1024.png 1024w, https:\/\/lericicoast.it\/parcoletterario\/wp-content\/uploads\/2024\/05\/1-1-150x150.png 150w, https:\/\/lericicoast.it\/parcoletterario\/wp-content\/uploads\/2024\/05\/1-1-768x768.png 768w, https:\/\/lericicoast.it\/parcoletterario\/wp-content\/uploads\/2024\/05\/1-1-200x200.png 200w, https:\/\/lericicoast.it\/parcoletterario\/wp-content\/uploads\/2024\/05\/1-1-100x100.png 100w, https:\/\/lericicoast.it\/parcoletterario\/wp-content\/uploads\/2024\/05\/1-1-380x380.png 380w, https:\/\/lericicoast.it\/parcoletterario\/wp-content\/uploads\/2024\/05\/1-1-20x20.png 20w, https:\/\/lericicoast.it\/parcoletterario\/wp-content\/uploads\/2024\/05\/1-1-190x190.png 190w, https:\/\/lericicoast.it\/parcoletterario\/wp-content\/uploads\/2024\/05\/1-1-760x760.png 760w\" sizes=\"auto, (max-width: 1080px) 100vw, 1080px\" \/>\t\t\t\t\t<\/div>\n\t\t\t\t\t<div class=\"thb-image-content\">\n\t\t<b><span data-contrast=\"auto\">Poetry is a mirror (Rocchetta)<\/span><\/b><span data-ccp-props=\"{&quot;134233117&quot;:true,&quot;134233118&quot;:true,&quot;201341983&quot;:0,&quot;335559740&quot;:240}\">\u00a0<\/span>\t\t<\/div>\n\t\t\t<\/div>\n\t[\/vc_column_inner][\/vc_row_inner][\/vc_tta_section][vc_tta_section title=&#8221;Nel giorno pi\u00f9 splendente dell\u2019onda (Rocchetta)&#8221; tab_id=&#8221;1717058579307-b9d662a7-d790&#8243;][vc_row_inner][vc_column_inner width=&#8221;1\/2&#8243;][vc_column_text]<span data-contrast=\"auto\">Verso tratto dalla poesia <\/span><i><span data-contrast=\"auto\">Ode al vento di Ponente<\/span><\/i><span data-contrast=\"auto\">. Dopo la descrizione dello sconvolgimento e dell\u2019annientamento cui il vento d\u2019autunno trascina ogni elemento, nella prima parte della poesia, improvvisamente le sognanti immagini del Mare Mediterraneo, a Napoli, nel golfo di Baia, affiorano alla memoria di Shelley, e ne costituiscono la parte centrale. Shelley vi era stato nel 1818 e aveva visto, sporgendosi dalla barca\u00a0<\/span><span data-ccp-props=\"{&quot;335551550&quot;:6,&quot;335551620&quot;:6}\">\u00a0<\/span><\/p>\n<p><i><span data-contrast=\"auto\">\u201c\u2026gli antichi palazzi e le torri<\/span><\/i><span data-ccp-props=\"{&quot;201341983&quot;:0,&quot;335551550&quot;:2,&quot;335551620&quot;:2,&quot;335559740&quot;:240}\">\u00a0<\/span><\/p>\n<p><i><span data-contrast=\"auto\">tremanti nel giorno pi\u00f9 splendente dell\u2019onda,<\/span><\/i><span data-ccp-props=\"{&quot;201341983&quot;:0,&quot;335551550&quot;:2,&quot;335551620&quot;:2,&quot;335559740&quot;:240}\">\u00a0<\/span><\/p>\n<p><i><span data-contrast=\"auto\">tutti sommersi da fiori e muschi azzurri<\/span><\/i><span data-ccp-props=\"{&quot;201341983&quot;:0,&quot;335551550&quot;:2,&quot;335551620&quot;:2,&quot;335559740&quot;:240}\">\u00a0<\/span><\/p>\n<p><i><span data-contrast=\"auto\">cos\u00ec dolci che svieni a descriverli\u2026\u201d<\/span><\/i><span data-ccp-props=\"{&quot;201341983&quot;:0,&quot;335551550&quot;:2,&quot;335551620&quot;:2,&quot;335559740&quot;:240}\">\u00a0<\/span><\/p>\n<p><span data-contrast=\"auto\">La visione di quelle rovine preziose e quasi intatte sotto l\u2019acqua, ricoperte di fiori azzurri, gli era apparsa come un sogno del mare, sentito come un\u2019entit\u00e0 spirituale, e gli aveva trasmesso una percezione della morte come da un\u2019altra dimensione, oltre uno specchio. Improvvisamente la morte lo aveva affascinato e ancora, nel ricordo, lo seduce e gli sconvolge i sensi. Ma non pi\u00f9 all\u2019insegna della distruzione. Certo, il vento selvaggio aprir\u00e0 voragini in quel mare calmo e su tutte le distese dell\u2019Atlantico, ma Shelley sa che il bagliore del \u201cgiorno pi\u00f9 splendente dell\u2019onda\u201d torner\u00e0 e forse anche per la storia degli uomini sar\u00e0 possibile un nuovo inizio, una rigenerazione verso la giustizia e la pace, quando finalmente irromper\u00e0 la forza cosmica del vento che preserva.<\/span><span data-ccp-props=\"{&quot;335551550&quot;:6,&quot;335551620&quot;:6}\">\u00a0<\/span>[\/vc_column_text][\/vc_column_inner][vc_column_inner width=&#8221;1\/2&#8243;]\t<div id=\"thb-image-69ef6bd2e3cae\" class=\"caption-style2  alignleft   thb_image_link wp-caption \">\n\t\t\t<div class=\"thb-image-inner size_100\">\n\t\t\t<img loading=\"lazy\" decoding=\"async\" width=\"1080\" height=\"1080\" src=\"https:\/\/lericicoast.it\/parcoletterario\/wp-content\/uploads\/2024\/05\/2-1.png\" class=\"thb_image    attachment-full\" alt=\"\" title=\"2\" srcset=\"https:\/\/lericicoast.it\/parcoletterario\/wp-content\/uploads\/2024\/05\/2-1.png 1080w, https:\/\/lericicoast.it\/parcoletterario\/wp-content\/uploads\/2024\/05\/2-1-300x300.png 300w, https:\/\/lericicoast.it\/parcoletterario\/wp-content\/uploads\/2024\/05\/2-1-1024x1024.png 1024w, https:\/\/lericicoast.it\/parcoletterario\/wp-content\/uploads\/2024\/05\/2-1-150x150.png 150w, https:\/\/lericicoast.it\/parcoletterario\/wp-content\/uploads\/2024\/05\/2-1-768x768.png 768w, https:\/\/lericicoast.it\/parcoletterario\/wp-content\/uploads\/2024\/05\/2-1-200x200.png 200w, https:\/\/lericicoast.it\/parcoletterario\/wp-content\/uploads\/2024\/05\/2-1-100x100.png 100w, https:\/\/lericicoast.it\/parcoletterario\/wp-content\/uploads\/2024\/05\/2-1-380x380.png 380w, https:\/\/lericicoast.it\/parcoletterario\/wp-content\/uploads\/2024\/05\/2-1-20x20.png 20w, https:\/\/lericicoast.it\/parcoletterario\/wp-content\/uploads\/2024\/05\/2-1-190x190.png 190w, https:\/\/lericicoast.it\/parcoletterario\/wp-content\/uploads\/2024\/05\/2-1-760x760.png 760w\" sizes=\"auto, (max-width: 1080px) 100vw, 1080px\" \/>\t\t\t\t\t<\/div>\n\t\t\t\t\t<div class=\"thb-image-content\">\n\t\t<strong><span class=\"TextRun SCXW105207171 BCX8\" lang=\"IT-IT\" xml:lang=\"IT-IT\" data-contrast=\"auto\"><span class=\"NormalTextRun SCXW105207171 BCX8\" data-ccp-parastyle=\"Normal (Web)\">\u00a0<\/span><\/span><span class=\"TextRun SCXW105207171 BCX8\" lang=\"IT-IT\" xml:lang=\"IT-IT\" data-contrast=\"auto\"><span class=\"NormalTextRun SCXW105207171 BCX8\" data-ccp-parastyle=\"Normal (Web)\">Nel giorno pi\u00f9 splendente dell\u2019onda<\/span><span class=\"NormalTextRun SCXW105207171 BCX8\" data-ccp-parastyle=\"Normal (Web)\"> (Rocchetta)<\/span><\/span><span class=\"EOP SCXW105207171 BCX8\" data-ccp-props=\"{&quot;134233117&quot;:true,&quot;134233118&quot;:true,&quot;201341983&quot;:0,&quot;335559740&quot;:240}\">\u00a0<\/span><\/strong>\t\t<\/div>\n\t\t\t<\/div>\n\t[\/vc_column_inner][\/vc_row_inner][\/vc_tta_section][vc_tta_section title=&#8221;Poetry is a mirror (Rocchetta)&#8221; tab_id=&#8221;1717058778855-5d8c04d5-a9d3&#8243;][vc_row_inner][vc_column_inner width=&#8221;1\/2&#8243;][vc_column_text]<b><span data-contrast=\"auto\">La poesia \u00e8 uno specchio<\/span><\/b><span data-ccp-props=\"{}\">\u00a0<\/span><\/p>\n<p><span data-contrast=\"auto\">Questa frase \u00e8 tratta dal saggio <\/span><i><span data-contrast=\"auto\">Difesa della poesia<\/span><\/i><span data-contrast=\"auto\"> che Shelley scrisse nel 1821 come risposta al divertente <\/span><i><span data-contrast=\"auto\">Le quattro et\u00e0 della poesia<\/span><\/i><span data-contrast=\"auto\"> del suo amico Thomas L. Peacok, il quale sosteneva che la poesia del loro tempo, piena di sentimentalismi, descrizioni di paesaggi e compiacimenti autoreferenziali, era morta, e assolutamente inutile alla societ\u00e0, che poteva sperare in una rigenerazione solo grazie alla scienza. La replica, molto seria, di Shelley insiste con passione sulla poesia come connaturata all\u2019uomo, espressione dell\u2019immaginazione che \u00e8 una facolt\u00e0 superiore alla ragione, e tutt\u2019altro che inutile, perch\u00e9 da sempre un \u201cgrande strumento della morale e quindi di ogni civilt\u00e0 e progresso\u201d. Shelley traccia un\u2019ampia storia della poesia, da Omero e dal teatro greco alla poesia romana e ellenistica, da quella del Medio Evo e del Rinascimento a quella contemporanea, e ne dimostra il valore fondante della civilt\u00e0, della religione e del pensiero. Descrive quindi il poeta come un uomo diverso dagli altri, perch\u00e9 conosce l\u2019ispirazione e l\u2019intuizione e parla \u201ccome se una natura pi\u00f9 divina penetrasse\u201d in lui e lo rendesse capace di indurre gli uomini ad agire verso il bene e la giustizia.\u00a0 E conclude con parole che sono rimaste celebri: \u201cI poeti sono i sacerdoti di un\u2019ispirazione non ancora percepita, gli specchi delle ombre gigantesche che il futuro proietta sul presente; le parole che esprimono ci\u00f2 che essi non comprendono, le trombe che chiamano a battaglia e non avvertono ci\u00f2 che ispirano, la forza che non \u00e8 mossa, ma muove. I poeti sono i non riconosciuti legislatori del mondo\u201d.<\/span><span data-ccp-props=\"{&quot;201341983&quot;:0,&quot;335551550&quot;:6,&quot;335551620&quot;:6,&quot;335559740&quot;:240}\">\u00a0<\/span>[\/vc_column_text][\/vc_column_inner][vc_column_inner width=&#8221;1\/2&#8243;]\t<div id=\"thb-image-69ef6bd2e42bc\" class=\"caption-style2  alignleft   thb_image_link wp-caption \">\n\t\t\t<div class=\"thb-image-inner size_100\">\n\t\t\t<img loading=\"lazy\" decoding=\"async\" width=\"1080\" height=\"1080\" src=\"https:\/\/lericicoast.it\/parcoletterario\/wp-content\/uploads\/2024\/05\/3.png\" class=\"thb_image    attachment-full\" alt=\"\" title=\"3\" srcset=\"https:\/\/lericicoast.it\/parcoletterario\/wp-content\/uploads\/2024\/05\/3.png 1080w, https:\/\/lericicoast.it\/parcoletterario\/wp-content\/uploads\/2024\/05\/3-300x300.png 300w, https:\/\/lericicoast.it\/parcoletterario\/wp-content\/uploads\/2024\/05\/3-1024x1024.png 1024w, https:\/\/lericicoast.it\/parcoletterario\/wp-content\/uploads\/2024\/05\/3-150x150.png 150w, https:\/\/lericicoast.it\/parcoletterario\/wp-content\/uploads\/2024\/05\/3-768x768.png 768w, https:\/\/lericicoast.it\/parcoletterario\/wp-content\/uploads\/2024\/05\/3-200x200.png 200w, https:\/\/lericicoast.it\/parcoletterario\/wp-content\/uploads\/2024\/05\/3-100x100.png 100w, https:\/\/lericicoast.it\/parcoletterario\/wp-content\/uploads\/2024\/05\/3-380x380.png 380w, https:\/\/lericicoast.it\/parcoletterario\/wp-content\/uploads\/2024\/05\/3-20x20.png 20w, https:\/\/lericicoast.it\/parcoletterario\/wp-content\/uploads\/2024\/05\/3-190x190.png 190w, https:\/\/lericicoast.it\/parcoletterario\/wp-content\/uploads\/2024\/05\/3-760x760.png 760w\" sizes=\"auto, (max-width: 1080px) 100vw, 1080px\" \/>\t\t\t\t\t<\/div>\n\t\t\t\t\t<div class=\"thb-image-content\">\n\t\t<strong><span class=\"TextRun SCXW105207171 BCX8\" lang=\"IT-IT\" xml:lang=\"IT-IT\" data-contrast=\"auto\"><span class=\"NormalTextRun SCXW105207171 BCX8\" data-ccp-parastyle=\"Normal (Web)\">\u00a0<\/span><\/span><span class=\"TextRun SCXW105207171 BCX8\" lang=\"IT-IT\" xml:lang=\"IT-IT\" data-contrast=\"auto\"><span class=\"NormalTextRun SCXW105207171 BCX8\" data-ccp-parastyle=\"Normal (Web)\">Nel giorno pi\u00f9 splendente dell\u2019onda<\/span><span class=\"NormalTextRun SCXW105207171 BCX8\" data-ccp-parastyle=\"Normal (Web)\"> (Rocchetta)<\/span><\/span><span class=\"EOP SCXW105207171 BCX8\" data-ccp-props=\"{&quot;134233117&quot;:true,&quot;134233118&quot;:true,&quot;201341983&quot;:0,&quot;335559740&quot;:240}\">\u00a0<\/span><\/strong>\t\t<\/div>\n\t\t\t<\/div>\n\t[\/vc_column_inner][\/vc_row_inner][\/vc_tta_section][vc_tta_section title=&#8221;I raggi della luna baciano il mare (Rocchetta)&#8221; tab_id=&#8221;1717058820350-6c694810-43e2&#8243;][vc_row_inner][vc_column_inner width=&#8221;1\/2&#8243;][vc_column_text]<span class=\"TextRun SCXW124863601 BCX8\" lang=\"IT-IT\" xml:lang=\"IT-IT\" data-contrast=\"auto\"><span class=\"NormalTextRun SCXW124863601 BCX8\">Come si \u00e8 detto a<\/span><span class=\"NormalTextRun SCXW124863601 BCX8\"> proposito di<\/span><span class=\"NormalTextRun SCXW124863601 BCX8\"> \u201cLe onde <\/span><span class=\"NormalTextRun ContextualSpellingAndGrammarErrorV2Themed SCXW124863601 BCX8\">una<\/span><span class=\"NormalTextRun SCXW124863601 BCX8\"> a una si abbracciano\u201d,<\/span> <span class=\"NormalTextRun SCXW124863601 BCX8\">anche questo verso \u00e8 tratto da <\/span><\/span><em><span class=\"TextRun SCXW124863601 BCX8\" lang=\"IT-IT\" xml:lang=\"IT-IT\" data-contrast=\"auto\"><span class=\"NormalTextRun SCXW124863601 BCX8\">Filosofia dell\u2019Amore <\/span><\/span><\/em><span class=\"TextRun SCXW124863601 BCX8\" lang=\"IT-IT\" xml:lang=\"IT-IT\" data-contrast=\"auto\"><span class=\"NormalTextRun SCXW124863601 BCX8\">del 1818, una canzonetta amorosa in stile giocoso<\/span><span class=\"NormalTextRun SCXW124863601 BCX8\">,<\/span><span class=\"NormalTextRun SCXW124863601 BCX8\"> forse dedicata a una fanciulla di nome Sofia (cui allude la parola \u201cfilo sofia\u201d ovvero \u201camante di Sofia\u201d), che lo ha sedotto con la sua bellezza e gli \u201csfrenati arpeggi\u201d delle sue esecuzioni musicali.<\/span><span class=\"NormalTextRun SCXW124863601 BCX8\"> Ma qui, invece di un commento, appare pi\u00f9 consono all\u2019argomento riportare le parole dello stesso Shelley dal suo <\/span><span class=\"NormalTextRun SCXW124863601 BCX8\">breve <\/span><span class=\"NormalTextRun SCXW124863601 BCX8\">saggio <\/span><\/span><em><span class=\"TextRun SCXW124863601 BCX8\" lang=\"IT-IT\" xml:lang=\"IT-IT\" data-contrast=\"auto\"><span class=\"NormalTextRun SCXW124863601 BCX8\">Sull\u2019Amore<\/span><\/span><\/em><span class=\"TextRun SCXW124863601 BCX8\" lang=\"IT-IT\" xml:lang=\"IT-IT\" data-contrast=\"auto\"> <span class=\"NormalTextRun SCXW124863601 BCX8\">del <\/span><span class=\"NormalTextRun ContextualSpellingAndGrammarErrorV2Themed SCXW124863601 BCX8\">1818:\u00a0 \u201c<\/span><span class=\"NormalTextRun SCXW124863601 BCX8\">Che cos\u2019\u00e8 l\u2019Amore?<\/span><span class=\"NormalTextRun SCXW124863601 BCX8\">\u00a0<\/span><span class=\"NormalTextRun SCXW124863601 BCX8\"> Domanda a chi vive che cosa sia la vita; domanda a chi adora che cosa sia Dio\u2026. Tu chiedi che cosa sia l\u2019Amore\u2026. <\/span><span class=\"NormalTextRun ContextualSpellingAndGrammarErrorV2Themed SCXW124863601 BCX8\">E\u2019<\/span> <span class=\"NormalTextRun SCXW124863601 BCX8\">il legame e il consenso che unisce un essere umano non solo a un altro essere umano, ma a tutte le cose viventi\u2026.<\/span><span class=\"NormalTextRun SCXW124863601 BCX8\"> Un s<\/span><span class=\"NormalTextRun SCXW124863601 BCX8\">e<\/span><span class=\"NormalTextRun SCXW124863601 BCX8\">ntimento capace di farci uscire dalla nostra stessa natura e identificarci con il bello che esiste in pensieri, azioni o persone, altri da noi stessi\u201d<\/span><span class=\"NormalTextRun SCXW124863601 BCX8\">.<\/span> <span class=\"NormalTextRun SCXW124863601 BCX8\">L<\/span><span class=\"NormalTextRun SCXW124863601 BCX8\">\u2019Amore induce l\u2019anima a cercare un\u2019altra anima affine in cui rispecchiarsi<\/span><span class=\"NormalTextRun SCXW124863601 BCX8\"> al fine di trovare un \u201cParadiso che la sofferenza, il dolore e il male non osano oltrepassare\u201d e \u201cla cui privazione non d\u00e0 riposo n\u00e9 tregua al cuore che ne \u00e8 dominato<\/span><span class=\"NormalTextRun SCXW124863601 BCX8\">\u201d<\/span><span class=\"NormalTextRun SCXW124863601 BCX8\">. Perci\u00f2 nella solitudine, o in quello stato di abbandono in cui siamo circondati da esseri umani che non ci comprendono,<\/span> <span class=\"NormalTextRun SCXW124863601 BCX8\">proviamo amore per i fiori, per l\u2019erba, per le acque e il cielo. C\u2019\u00e8 un\u2019eloquenza nel vento senza voce e un dolce canto nei ruscelli che scorrono o nel fruscio dei giunchi sulle loro sponde che, grazie alla loro segreta armonia con qualcosa della nostra anima, risvegliano gli spiriti a una danza estatica, e fanno sgorgare lagrime di misteriosa tenerezza<\/span><span class=\"NormalTextRun SCXW124863601 BCX8\">, come l\u2019<\/span><span class=\"NormalTextRun SCXW124863601 BCX8\">entusias<\/span><span class=\"NormalTextRun SCXW124863601 BCX8\">mo per i successi patriottici o la voce di una donna amata che canta per te solo. Sterne dice che se s<\/span><span class=\"NormalTextRun SCXW124863601 BCX8\">i trovasse in mezzo a un desert<\/span><span class=\"NormalTextRun SCXW124863601 BCX8\">o si innamorerebbe di un cipresso.<\/span> <span class=\"NormalTextRun SCXW124863601 BCX8\">Quando questo bisogno o questa facolt\u00e0 si estingue, l\u2019uomo diventa il sepolcro vivente di <\/span><span class=\"NormalTextRun ContextualSpellingAndGrammarErrorV2Themed SCXW124863601 BCX8\">se<\/span><span class=\"NormalTextRun SCXW124863601 BCX8\"> stesso, e ci\u00f2 che sopravvive \u00e8 solo &#8220;il guscio di quel ch\u2019egli era un tempo&#8221;.<\/span><\/span><span class=\"EOP SCXW124863601 BCX8\" data-ccp-props=\"{&quot;335551550&quot;:6,&quot;335551620&quot;:6}\">\u00a0<\/span>[\/vc_column_text][\/vc_column_inner][vc_column_inner width=&#8221;1\/2&#8243;]\t<div id=\"thb-image-69ef6bd2e4b20\" class=\"caption-style2  alignleft   thb_image_link wp-caption \">\n\t\t\t<div class=\"thb-image-inner size_100\">\n\t\t\t<img loading=\"lazy\" decoding=\"async\" width=\"1080\" height=\"1080\" src=\"https:\/\/lericicoast.it\/parcoletterario\/wp-content\/uploads\/2024\/05\/4.png\" class=\"thb_image    attachment-full\" alt=\"\" title=\"4\" srcset=\"https:\/\/lericicoast.it\/parcoletterario\/wp-content\/uploads\/2024\/05\/4.png 1080w, https:\/\/lericicoast.it\/parcoletterario\/wp-content\/uploads\/2024\/05\/4-300x300.png 300w, https:\/\/lericicoast.it\/parcoletterario\/wp-content\/uploads\/2024\/05\/4-1024x1024.png 1024w, https:\/\/lericicoast.it\/parcoletterario\/wp-content\/uploads\/2024\/05\/4-150x150.png 150w, https:\/\/lericicoast.it\/parcoletterario\/wp-content\/uploads\/2024\/05\/4-768x768.png 768w, https:\/\/lericicoast.it\/parcoletterario\/wp-content\/uploads\/2024\/05\/4-200x200.png 200w, https:\/\/lericicoast.it\/parcoletterario\/wp-content\/uploads\/2024\/05\/4-100x100.png 100w, https:\/\/lericicoast.it\/parcoletterario\/wp-content\/uploads\/2024\/05\/4-380x380.png 380w, https:\/\/lericicoast.it\/parcoletterario\/wp-content\/uploads\/2024\/05\/4-20x20.png 20w, https:\/\/lericicoast.it\/parcoletterario\/wp-content\/uploads\/2024\/05\/4-190x190.png 190w, https:\/\/lericicoast.it\/parcoletterario\/wp-content\/uploads\/2024\/05\/4-760x760.png 760w\" sizes=\"auto, (max-width: 1080px) 100vw, 1080px\" \/>\t\t\t\t\t<\/div>\n\t\t\t\t\t<div class=\"thb-image-content\">\n\t\t<strong><span class=\"TextRun SCXW210495457 BCX8\" lang=\"IT-IT\" xml:lang=\"IT-IT\" data-contrast=\"auto\"><span class=\"NormalTextRun SCXW210495457 BCX8\">I raggi della luna baciano il mare<\/span><span class=\"NormalTextRun SCXW210495457 BCX8\"> (Rocchetta)<\/span><\/span><span class=\"EOP SCXW210495457 BCX8\" data-ccp-props=\"{&quot;201341983&quot;:0,&quot;335559740&quot;:240}\">\u00a0<\/span><\/strong>\t\t<\/div>\n\t\t\t<\/div>\n\t[\/vc_column_inner][\/vc_row_inner][\/vc_tta_section][vc_tta_section title=&#8221;Scambiare sangue con sangue, non fate questo se siete uomini (Rocchetta)&#8221; tab_id=&#8221;1717058859510-dc9e8348-07d0&#8243;][vc_row_inner][vc_column_inner width=&#8221;1\/2&#8243;][vc_column_text]<span data-contrast=\"auto\">Questo verso \u00e8 tratto dalla strofa centrale dell\u2019ode <\/span><i><span data-contrast=\"auto\">La Mascherata dell\u2019Anarchia scritta in occasione della strage di Manchester<\/span><\/i><span data-contrast=\"auto\">, forse la pi\u00f9 importante e famosa delle poesie civili e politiche di Shelley dettate dal suo credo umanitario che si opponeva allo strapotere delle classi dirigenti, allo sfruttamento dei poveri e alle guerre. E\u2019 un poema che compone \u201ccol torrente dell\u2019indignazione che gli ribolliva nelle vene\u201d alla notizia del massacro del 16 agosto 1819 a Manchester, in Saint Peter Field, detto massacro di Peterloo, dove un gruppo di soldati aveva sparato su una folla inerme che chiedeva una riforma parlamentare, provocando molti morti e centinaia di feriti. La prima parte \u00e8 un\u2019invettiva contro il governo inglese e i suoi ministri, Castelreagh per primo, presentati come un osceno corteo di assassini al seguito dell\u2019Anarchia, cio\u00e8 il Caos, e preoccupati solo di asservire e massacrare e di uccidere la Speranza, raffigurata come una ragazza che muore (queste allegorie piaceranno a Bertold Brecht). E\u2019 anche un invito a tutti gli oppressi a ritrovare la Libert\u00e0, che \u00e8 giustizia, saggezza, pace, amore, ma anche doverosa rivendicazione di diritti.\u00a0 Questo \u00e8 il nucleo del pensiero politico di Shelley: le richieste indurranno \u201cla banda del Tiranno a caricare le vostre mogli e voi\u201d e a coprire l\u2019erba di sangue, ma vendicarsi non \u00e8 da uomini.\u00a0<\/span><span data-ccp-props=\"{&quot;335551550&quot;:6,&quot;335551620&quot;:6}\">\u00a0<\/span><\/p>\n<p><i><span data-contrast=\"auto\">E\u2019 allora sentire la feroce<\/span><\/i><span data-ccp-props=\"{&quot;335551550&quot;:2,&quot;335551620&quot;:2}\">\u00a0<\/span><\/p>\n<p><i><span data-contrast=\"auto\">Sete di sangue e ripagare<\/span><\/i><span data-ccp-props=\"{&quot;335551550&quot;:2,&quot;335551620&quot;:2}\">\u00a0<\/span><\/p>\n<p><i><span data-contrast=\"auto\">Sangue con sangue, e torto con torto-<\/span><\/i><span data-ccp-props=\"{&quot;335551550&quot;:2,&quot;335551620&quot;:2}\">\u00a0<\/span><\/p>\n<p><i><span data-contrast=\"auto\">Non fate questo se siete uomini.<\/span><\/i><span data-ccp-props=\"{&quot;335551550&quot;:2,&quot;335551620&quot;:2}\">\u00a0<\/span><\/p>\n<p><i><span data-contrast=\"auto\">\u2026.<\/span><\/i><span data-ccp-props=\"{&quot;335551550&quot;:2,&quot;335551620&quot;:2}\">\u00a0<\/span><\/p>\n<p><i><span data-contrast=\"auto\">E se poi i tiranni osassero,<\/span><\/i><span data-ccp-props=\"{&quot;335551550&quot;:2,&quot;335551620&quot;:2}\">\u00a0<\/span><\/p>\n<p><i><span data-contrast=\"auto\">lasciate che cavalchino fra voi, squarcino e trafiggano, mutilando e spaccando;<\/span><\/i><span data-ccp-props=\"{&quot;335551550&quot;:2,&quot;335551620&quot;:2}\">\u00a0<\/span><\/p>\n<p><i><span data-contrast=\"auto\">faccian pure quel che vogliono.<\/span><\/i><span data-ccp-props=\"{&quot;335551550&quot;:2,&quot;335551620&quot;:2}\">\u00a0<\/span><\/p>\n<p><i><span data-contrast=\"auto\">Con braccia conserte e fermo sguardo,<\/span><\/i><span data-ccp-props=\"{&quot;335551550&quot;:2,&quot;335551620&quot;:2}\">\u00a0<\/span><\/p>\n<p><i><span data-contrast=\"auto\">poca paura e ancor meno sorpresa,<\/span><\/i><span data-ccp-props=\"{&quot;335551550&quot;:2,&quot;335551620&quot;:2}\">\u00a0<\/span><\/p>\n<p><i><span data-contrast=\"auto\">guardateli mentre fan strage<\/span><\/i><span data-ccp-props=\"{&quot;335551550&quot;:2,&quot;335551620&quot;:2}\">\u00a0<\/span><\/p>\n<p><i><span data-contrast=\"auto\">finch\u00e9 la loro rabbia non si estingua.<\/span><\/i><span data-ccp-props=\"{&quot;335551550&quot;:2,&quot;335551620&quot;:2}\">\u00a0<\/span><\/p>\n<p><span data-contrast=\"auto\">\u2026..<\/span><span data-ccp-props=\"{}\">\u00a0<\/span><\/p>\n<p><i><span data-contrast=\"auto\">Come leoni dal sonno levatevi,<\/span><\/i><span data-ccp-props=\"{&quot;335551550&quot;:2,&quot;335551620&quot;:2}\">\u00a0<\/span><\/p>\n<p><i><span data-contrast=\"auto\">invincibili legioni,<\/span><\/i><span data-ccp-props=\"{&quot;335551550&quot;:2,&quot;335551620&quot;:2}\">\u00a0<\/span><\/p>\n<p><i><span data-contrast=\"auto\">a terra scrollatele vostre catene<\/span><\/i><span data-ccp-props=\"{&quot;335551550&quot;:2,&quot;335551620&quot;:2}\">\u00a0<\/span><\/p>\n<p><i><span data-contrast=\"auto\">come rugiada che di notte vi ha bagnato-<\/span><\/i><span data-ccp-props=\"{&quot;335551550&quot;:2,&quot;335551620&quot;:2}\">\u00a0<\/span><\/p>\n<p><i><span data-contrast=\"auto\">voi siete molti-loro sono pochi.<\/span><\/i><span data-ccp-props=\"{&quot;335551550&quot;:2,&quot;335551620&quot;:2}\">\u00a0<\/span><\/p>\n<p><span data-contrast=\"auto\">Shelley sostiene che gli assassini sarebbero tornati un giorno pentiti e che si sarebbe quindi realizzata la vittoria sull\u2019oppressione: elabora qui il principio della resistenza civile passiva che sar\u00e0 riproposto e discusso fino ai nostri giorni. Gandhi ha iniziato a teorizzare la non-violenza leggendo questi versi.<\/span><span data-ccp-props=\"{}\">\u00a0<\/span><\/p>\n<p><span data-ccp-props=\"{}\">\u00a0<\/span>[\/vc_column_text][\/vc_column_inner][vc_column_inner width=&#8221;1\/2&#8243;]\t<div id=\"thb-image-69ef6bd2e5360\" class=\"caption-style2  alignleft   thb_image_link wp-caption \">\n\t\t\t<div class=\"thb-image-inner size_100\">\n\t\t\t<img loading=\"lazy\" decoding=\"async\" width=\"1080\" height=\"1080\" src=\"https:\/\/lericicoast.it\/parcoletterario\/wp-content\/uploads\/2024\/05\/5.png\" class=\"thb_image    attachment-full\" alt=\"\" title=\"5\" srcset=\"https:\/\/lericicoast.it\/parcoletterario\/wp-content\/uploads\/2024\/05\/5.png 1080w, https:\/\/lericicoast.it\/parcoletterario\/wp-content\/uploads\/2024\/05\/5-300x300.png 300w, https:\/\/lericicoast.it\/parcoletterario\/wp-content\/uploads\/2024\/05\/5-1024x1024.png 1024w, https:\/\/lericicoast.it\/parcoletterario\/wp-content\/uploads\/2024\/05\/5-150x150.png 150w, https:\/\/lericicoast.it\/parcoletterario\/wp-content\/uploads\/2024\/05\/5-768x768.png 768w, https:\/\/lericicoast.it\/parcoletterario\/wp-content\/uploads\/2024\/05\/5-200x200.png 200w, https:\/\/lericicoast.it\/parcoletterario\/wp-content\/uploads\/2024\/05\/5-100x100.png 100w, https:\/\/lericicoast.it\/parcoletterario\/wp-content\/uploads\/2024\/05\/5-380x380.png 380w, https:\/\/lericicoast.it\/parcoletterario\/wp-content\/uploads\/2024\/05\/5-20x20.png 20w, https:\/\/lericicoast.it\/parcoletterario\/wp-content\/uploads\/2024\/05\/5-190x190.png 190w, https:\/\/lericicoast.it\/parcoletterario\/wp-content\/uploads\/2024\/05\/5-760x760.png 760w\" sizes=\"auto, (max-width: 1080px) 100vw, 1080px\" \/>\t\t\t\t\t<\/div>\n\t\t\t\t\t<div class=\"thb-image-content\">\n\t\t<strong><span class=\"TextRun SCXW210495457 BCX8\" lang=\"IT-IT\" xml:lang=\"IT-IT\" data-contrast=\"auto\"><span class=\"NormalTextRun SCXW210495457 BCX8\">Scambiare sangue con sangue, non fate questo se siete uomini<\/span><span class=\"NormalTextRun SCXW210495457 BCX8\"> (Rocchetta)<\/span><\/span><span class=\"EOP SCXW210495457 BCX8\" data-ccp-props=\"{&quot;201341983&quot;:0,&quot;335559740&quot;:240}\">\u00a0<\/span><\/strong>\t\t<\/div>\n\t\t\t<\/div>\n\t[\/vc_column_inner][\/vc_row_inner][\/vc_tta_section][vc_tta_section title=&#8221;Mare insondabile! Le cui onde sono anni (Rocchetta)&#8221; tab_id=&#8221;1717058895847-f62546c6-5738&#8243;][vc_row_inner][vc_column_inner width=&#8221;1\/2&#8243;][vc_column_text]<i><span data-contrast=\"auto\">Mare insondabile! le cui onde sono anni,<\/span><\/i><span data-ccp-props=\"{&quot;335551550&quot;:2,&quot;335551620&quot;:2}\">\u00a0<\/span><\/p>\n<p><i><span data-contrast=\"auto\">Oceano del tempo, le cui acque di profondo dolore<\/span><\/i><span data-ccp-props=\"{&quot;335551550&quot;:2,&quot;335551620&quot;:2}\">\u00a0<\/span><\/p>\n<p><i><span data-contrast=\"auto\">son salmastre per il sale delle umane lacrime<\/span><\/i><span data-ccp-props=\"{&quot;335551550&quot;:2,&quot;335551620&quot;:2}\">\u00a0<\/span><\/p>\n<p><span data-contrast=\"auto\">Inizia con questi versi la poesia <\/span><i><span data-contrast=\"auto\">Tempo, <\/span><\/i><span data-contrast=\"auto\">forse<\/span> <span data-contrast=\"auto\">scritta nel 1821 in occasione della rivolta dei Greci contro i Turchi, seguita da un abbozzo di seconda strofa in cui si allude alle grandi civilt\u00e0 scomparse, dall\u2019India all\u2019Assiria a Roma. La visione del passato \u00e8 un tema sempre presente nelle opere di Shelley: pi\u00f9 volte e con modalit\u00e0 diverse ha immaginato di ripercorrere la storia umana dall\u2019 inizio, rivivendone le vicende tragiche di guerra e di morte. Nel poema giovanile <\/span><i><span data-contrast=\"auto\">La Regina Mab<\/span><\/i><span data-contrast=\"auto\">, la protagonista attraversa in volo tutta la storia, dal suo inizio fino a un preannunciato futuro, guidata da Mab, la regina delle Fate. Nelle lunghissime note filosofiche (che Marx e Engels apprezzeranno) Shelley esprime poi la sua visione del mondo, denuncia corruzione e violenze dei governi, teorizza l\u2019amore libero e anche il vegetarianismo. La concezione tragica della storia umana, collettiva e individuale, \u00e8 per\u00f2 il substrato su cui si sviluppano le profezie di una rigenerazione del mondo. L\u2019amore e la scienza, non miracoli o profezie, afferma ne <\/span><i><span data-contrast=\"auto\">La ReginaMab<\/span><\/i><span data-contrast=\"auto\">, riusciranno ad affratellare anche uomini e animali, cos\u00ec che il leone si sdraier\u00e0 accanto all\u2019agnello, e diventeranno mansuete vipere e carnivori: la morte sar\u00e0 come un dolce sonno.\u00a0<\/span><span data-ccp-props=\"{&quot;335551550&quot;:6,&quot;335551620&quot;:6}\">\u00a0<\/span><\/p>\n<p><span data-contrast=\"auto\">Nell\u2019 <\/span><i><span data-contrast=\"auto\">Ode al vento di ponente<\/span><\/i><span data-contrast=\"auto\"> lo Spirito che preserva porter\u00e0 nuova vita al mondo devastato, e nel dramma lirico <\/span><i><span data-contrast=\"auto\">Prometeo Liberato<\/span><\/i><span data-contrast=\"auto\"> il titano, che dichiara \u201cIo non voglio che nessun essere vivente soffra\u201d, perdona il suo persecutore e libera cos\u00ec l\u2019universo intero dalla morte e da ogni dolore. Nelle poesie civili, dalla <\/span><i><span data-contrast=\"auto\">Mascherata dell\u2019Anarchia<\/span><\/i><span data-contrast=\"auto\">, <\/span><i><span data-contrast=\"auto\">L\u2019Inghilterra nel 1819 <\/span><\/i><span data-contrast=\"auto\">e<\/span> <span data-contrast=\"auto\">la <\/span><i><span data-contrast=\"auto\">Canzone agli uomini d\u2019Inghilterra, <\/span><\/i><span data-contrast=\"auto\">all\u2019<\/span><i><span data-contrast=\"auto\">Ode a<\/span><\/i> <i><span data-contrast=\"auto\">Napoli<\/span><\/i><span data-contrast=\"auto\"> e <\/span><i><span data-contrast=\"auto\">Hella<\/span><\/i><span data-contrast=\"auto\">s, in occasione dei moti rivoluzionari in Italia e in Grecia, la visione tragica del passato \u00e8 sempre funzionale alla speranza della vittoria e al rinnovamento della grandezza passata.<\/span><span data-ccp-props=\"{}\">\u00a0<\/span>[\/vc_column_text][\/vc_column_inner][vc_column_inner width=&#8221;1\/2&#8243;]\t<div id=\"thb-image-69ef6bd2e5d8b\" class=\"caption-style2  alignleft   thb_image_link wp-caption \">\n\t\t\t<div class=\"thb-image-inner size_100\">\n\t\t\t<img loading=\"lazy\" decoding=\"async\" width=\"1080\" height=\"1080\" src=\"https:\/\/lericicoast.it\/parcoletterario\/wp-content\/uploads\/2024\/05\/6.png\" class=\"thb_image    attachment-full\" alt=\"\" title=\"6\" srcset=\"https:\/\/lericicoast.it\/parcoletterario\/wp-content\/uploads\/2024\/05\/6.png 1080w, https:\/\/lericicoast.it\/parcoletterario\/wp-content\/uploads\/2024\/05\/6-300x300.png 300w, https:\/\/lericicoast.it\/parcoletterario\/wp-content\/uploads\/2024\/05\/6-1024x1024.png 1024w, https:\/\/lericicoast.it\/parcoletterario\/wp-content\/uploads\/2024\/05\/6-150x150.png 150w, https:\/\/lericicoast.it\/parcoletterario\/wp-content\/uploads\/2024\/05\/6-768x768.png 768w, https:\/\/lericicoast.it\/parcoletterario\/wp-content\/uploads\/2024\/05\/6-200x200.png 200w, https:\/\/lericicoast.it\/parcoletterario\/wp-content\/uploads\/2024\/05\/6-100x100.png 100w, https:\/\/lericicoast.it\/parcoletterario\/wp-content\/uploads\/2024\/05\/6-380x380.png 380w, https:\/\/lericicoast.it\/parcoletterario\/wp-content\/uploads\/2024\/05\/6-20x20.png 20w, https:\/\/lericicoast.it\/parcoletterario\/wp-content\/uploads\/2024\/05\/6-190x190.png 190w, https:\/\/lericicoast.it\/parcoletterario\/wp-content\/uploads\/2024\/05\/6-760x760.png 760w\" sizes=\"auto, (max-width: 1080px) 100vw, 1080px\" \/>\t\t\t\t\t<\/div>\n\t\t\t\t\t<div class=\"thb-image-content\">\n\t\t<strong><span class=\"TextRun SCXW247348186 BCX8\" lang=\"IT-IT\" xml:lang=\"IT-IT\" data-contrast=\"auto\"><span class=\"NormalTextRun SCXW247348186 BCX8\">Mare insondabile! <\/span><span class=\"NormalTextRun SCXW247348186 BCX8\">L<\/span><span class=\"NormalTextRun SCXW247348186 BCX8\">e cui onde sono anni<\/span><span class=\"NormalTextRun SCXW247348186 BCX8\"> (Rocchetta)<\/span><\/span><span class=\"EOP SCXW247348186 BCX8\" data-ccp-props=\"{}\">\u00a0<\/span><\/strong>\t\t<\/div>\n\t\t\t<\/div>\n\t[\/vc_column_inner][\/vc_row_inner][\/vc_tta_section][vc_tta_section title=&#8221;Lines written in the bay of Lerici (Rocchetta)&#8221; tab_id=&#8221;1717058936980-2138b740-ae37&#8243;][vc_row_inner][vc_column_inner width=&#8221;1\/2&#8243;][vc_column_text]<b><span data-contrast=\"auto\">The Azure path<\/span><\/b><span data-ccp-props=\"{}\">\u00a0<\/span><\/p>\n<p><span data-contrast=\"auto\">\u201cIl sentiero azzurro\u201d. Con queste parole Shelley descrive l\u2019ascesa della luna nell\u2019azzurro sentiero del cielo in <\/span><i><span data-contrast=\"auto\">Versi scritti nel Golfo di Lerici, <\/span><\/i><span data-contrast=\"auto\">una delle<\/span> <span data-contrast=\"auto\">poesie del 1822 dedicate, negli ultimi mesi della sua vita, a Jane Williams, cui lo legava un\u2019intensa amicizia, forse un amore. Jane, con il marito Edward, che morir\u00e0 nel naufragio dell\u20198 luglio insieme a Shelley e al mozzo Charles Vivian, si era trasferita da Pisa a San Terenzo, insieme agli Shelley, e viveva con loro nella Villa Magni. Suonava la chitarra e l\u2019arpa e cantava, commuovendo chi l\u2019ascoltava, in particolare Shelley, che le dedic\u00f2 versi dolcissimi; le fece anche dono di una chitarra accompagnata da una lirica, secondo la tradizione cortese, in cui si firmava Ariel, il nome dello spiritello della <\/span><i><span data-contrast=\"auto\">Tempesta <\/span><\/i><span data-contrast=\"auto\">di Shakespeare (lo stesso nome che aveva dato alla sua barca), dichiarandosi angelo custode dell\u2019amore tra lei e il marito. Amore, amicizia, mare, cielo, per qualche attimo Shelley riusciva ad essere felice. In questa poesia lamenta che Jane lo abbia lasciato solo, all\u2019alba, quando la luna ha finito di ascendere l\u2019azzurro sentiero verso la cupola del cielo, e abbia posto fine all\u2019incanto che la sua voce suscitava per cui<\/span><span data-ccp-props=\"{&quot;335551550&quot;:6,&quot;335551620&quot;:6}\">\u00a0<\/span><\/p>\n<p><i><span data-contrast=\"auto\">il passato e il futuro<\/span><\/i><span data-ccp-props=\"{&quot;335551550&quot;:2,&quot;335551620&quot;:2}\">\u00a0<\/span><\/p>\n<p><i><span data-contrast=\"auto\">erano dimenticati, come<\/span><\/i><span data-ccp-props=\"{&quot;335551550&quot;:2,&quot;335551620&quot;:2}\">\u00a0<\/span><\/p>\n<p><i><span data-contrast=\"auto\">non fossero mai stati o dovessero essere<\/span><\/i><span data-ccp-props=\"{&quot;335551550&quot;:2,&quot;335551620&quot;:2}\">\u00a0<\/span><\/p>\n<p><span data-contrast=\"auto\">Al tempo stesso Shelley stava inseguendo sempre pi\u00f9 angosciosamente il significato della vita che non riusciva a trovare, e lo stava esprimendo nel suo ultimo e tragico poema, <\/span><i><span data-contrast=\"auto\">Il trionfo della vita,<\/span><\/i><span data-contrast=\"auto\"> che \u00e8 in realt\u00e0 un trionfo della morte, non solo di ogni essere vivente, ma anche di ogni amore e illusione e forma di bellezza. E questa consapevolezza dolorosa lo sommerge non appena la cara amica si allontana: la poesia termina con questi versi sconsolati:<\/span><span data-ccp-props=\"{&quot;335551550&quot;:6,&quot;335551620&quot;:6}\">\u00a0<\/span><\/p>\n<p><span data-ccp-props=\"{&quot;335551550&quot;:2,&quot;335551620&quot;:2}\">\u00a0<\/span><\/p>\n<p><i><span data-contrast=\"auto\">Ma subito, appena il mio angelo<\/span><\/i><span data-ccp-props=\"{&quot;335551550&quot;:2,&quot;335551620&quot;:2}\">\u00a0<\/span><\/p>\n<p><i><span data-contrast=\"auto\">custode scomparve, ritornava il demone<\/span><\/i><span data-ccp-props=\"{&quot;335551550&quot;:2,&quot;335551620&quot;:2}\">\u00a0<\/span><\/p>\n<p><i><span data-contrast=\"auto\">a riprendersi il trono del mio cuore fragile.<\/span><\/i>[\/vc_column_text][\/vc_column_inner][vc_column_inner width=&#8221;1\/2&#8243;]\t<div id=\"thb-image-69ef6bd2e676a\" class=\"caption-style2  alignleft   thb_image_link wp-caption \">\n\t\t\t<div class=\"thb-image-inner size_100\">\n\t\t\t<img loading=\"lazy\" decoding=\"async\" width=\"1080\" height=\"1080\" src=\"https:\/\/lericicoast.it\/parcoletterario\/wp-content\/uploads\/2024\/05\/7.png\" class=\"thb_image    attachment-full\" alt=\"\" title=\"7\" srcset=\"https:\/\/lericicoast.it\/parcoletterario\/wp-content\/uploads\/2024\/05\/7.png 1080w, https:\/\/lericicoast.it\/parcoletterario\/wp-content\/uploads\/2024\/05\/7-300x300.png 300w, https:\/\/lericicoast.it\/parcoletterario\/wp-content\/uploads\/2024\/05\/7-1024x1024.png 1024w, https:\/\/lericicoast.it\/parcoletterario\/wp-content\/uploads\/2024\/05\/7-150x150.png 150w, https:\/\/lericicoast.it\/parcoletterario\/wp-content\/uploads\/2024\/05\/7-768x768.png 768w, https:\/\/lericicoast.it\/parcoletterario\/wp-content\/uploads\/2024\/05\/7-200x200.png 200w, https:\/\/lericicoast.it\/parcoletterario\/wp-content\/uploads\/2024\/05\/7-100x100.png 100w, https:\/\/lericicoast.it\/parcoletterario\/wp-content\/uploads\/2024\/05\/7-380x380.png 380w, https:\/\/lericicoast.it\/parcoletterario\/wp-content\/uploads\/2024\/05\/7-20x20.png 20w, https:\/\/lericicoast.it\/parcoletterario\/wp-content\/uploads\/2024\/05\/7-190x190.png 190w, https:\/\/lericicoast.it\/parcoletterario\/wp-content\/uploads\/2024\/05\/7-760x760.png 760w\" sizes=\"auto, (max-width: 1080px) 100vw, 1080px\" \/>\t\t\t\t\t<\/div>\n\t\t\t\t\t<div class=\"thb-image-content\">\n\t\t<strong><span class=\"NormalTextRun SCXW203355699 BCX8\">Lines <\/span><span class=\"NormalTextRun SpellingErrorV2Themed SCXW203355699 BCX8\">written<\/span><span class=\"NormalTextRun SCXW203355699 BCX8\"> in the <\/span><span class=\"NormalTextRun SpellingErrorV2Themed SCXW203355699 BCX8\">bay<\/span><span class=\"NormalTextRun SCXW203355699 BCX8\"> of Lerici<\/span> <span class=\"NormalTextRun SCXW203355699 BCX8\">(Rocchetta)<\/span><\/strong>\t\t<\/div>\n\t\t\t<\/div>\n\t[\/vc_column_inner][\/vc_row_inner][\/vc_tta_section][vc_tta_section title=&#8221;Le onde una a una si abbracciano (Rocchetta)&#8221; tab_id=&#8221;1717058987851-a6580e70-4ee6&#8243;][vc_row_inner][vc_column_inner width=&#8221;1\/2&#8243;][vc_column_text]<span data-contrast=\"auto\">Verso tratto da <\/span><i><span data-contrast=\"auto\">Filosofia dell\u2019Amore <\/span><\/i><span data-contrast=\"auto\">del 1818, una canzonetta amorosa in stile giocoso, forse dedicata a una fanciulla di nome Sofia, (cui allude la parola \u201cfilo sofia\u201d ovvero \u201camante di Sofia\u201d), che lo ha sedotto con la sua bellezza e gli \u201csfrenati arpeggi\u201d delle sue esecuzioni musicali. Il tema dell\u2019amore tra gli elementi \u00e8 antico quanto la poesia, e Shelley ne aveva trovato infiniti esempi nel passato, da Ovidio al Tasso, e nel presente persino nelle canzoni d\u2019amore. Conosceva anche e amava i versi che il medico scienziato e poeta Erasmus Darwin, il nonno di Charles, considerato l\u2019iniziatore dell\u2019evoluzionismo, aveva dedicato alla corrispondenza amorosa fra tutti gli elementi dell\u2019universo. Nei suoi poemi <\/span><i><span data-contrast=\"auto\">Gli amori delle piante<\/span><\/i><span data-contrast=\"auto\"> e <\/span><i><span data-contrast=\"auto\">Il tempio della Natura<\/span><\/i><span data-contrast=\"auto\">\u00a0 Erasmus aveva addirittura sostenuto che la morte di un organismo era un avvenimento pieno di gioia per tutti gli altri esseri viventi, che potevano trarne nutrimento. Shelley qui dichiara il suo amore come un fatto che avviene \u201cper divina legge\u201d e invita la ragazza giocosamente a corrisponderlo:\u00a0<\/span><span data-ccp-props=\"{&quot;201341983&quot;:0,&quot;335551550&quot;:6,&quot;335551620&quot;:6,&quot;335559740&quot;:240}\">\u00a0<\/span><\/p>\n<p><i><span data-contrast=\"auto\">Baciano i monti, vedi, l\u2019alto Cielo<\/span><\/i><span data-ccp-props=\"{&quot;201341983&quot;:0,&quot;335551550&quot;:2,&quot;335551620&quot;:2,&quot;335559740&quot;:240}\">\u00a0<\/span><\/p>\n<p><i><span data-contrast=\"auto\">e le onde una a una si abbracciano;<\/span><\/i><span data-ccp-props=\"{&quot;201341983&quot;:0,&quot;335551550&quot;:2,&quot;335551620&quot;:2,&quot;335559740&quot;:240}\">\u00a0<\/span><\/p>\n<p><i><span data-contrast=\"auto\">nessun fiore-sorella sarebbe perdonato<\/span><\/i><span data-ccp-props=\"{&quot;201341983&quot;:0,&quot;335551550&quot;:2,&quot;335551620&quot;:2,&quot;335559740&quot;:240}\">\u00a0<\/span><\/p>\n<p><i><span data-contrast=\"auto\">se disdegnasse il suo fratello;<\/span><\/i><span data-ccp-props=\"{&quot;201341983&quot;:0,&quot;335551550&quot;:2,&quot;335551620&quot;:2,&quot;335559740&quot;:240}\">\u00a0<\/span><\/p>\n<p><i><span data-contrast=\"auto\">e la terra il sole abbraccia con la luce<\/span><\/i><span data-ccp-props=\"{&quot;201341983&quot;:0,&quot;335551550&quot;:2,&quot;335551620&quot;:2,&quot;335559740&quot;:240}\">\u00a0<\/span><\/p>\n<p><i><span data-contrast=\"auto\">e i raggi della luna il mare baciano:<\/span><\/i><span data-ccp-props=\"{&quot;201341983&quot;:0,&quot;335551550&quot;:2,&quot;335551620&quot;:2,&quot;335559740&quot;:240}\">\u00a0<\/span><\/p>\n<p><i><span data-contrast=\"auto\">tutto questo dolce baciare cosa vale<\/span><\/i><span data-ccp-props=\"{&quot;201341983&quot;:0,&quot;335551550&quot;:2,&quot;335551620&quot;:2,&quot;335559740&quot;:240}\">\u00a0<\/span><\/p>\n<p><i><span data-contrast=\"auto\">se tu non baci me?<\/span><\/i><span data-ccp-props=\"{&quot;201341983&quot;:0,&quot;335551550&quot;:2,&quot;335551620&quot;:2,&quot;335559740&quot;:240}\">\u00a0<\/span>[\/vc_column_text][\/vc_column_inner][vc_column_inner width=&#8221;1\/2&#8243;]\t<div id=\"thb-image-69ef6bd2e70f9\" class=\"caption-style2  alignleft   thb_image_link wp-caption \">\n\t\t\t<div class=\"thb-image-inner size_100\">\n\t\t\t<img loading=\"lazy\" decoding=\"async\" width=\"1080\" height=\"1080\" src=\"https:\/\/lericicoast.it\/parcoletterario\/wp-content\/uploads\/2024\/05\/8.png\" class=\"thb_image    attachment-full\" alt=\"\" title=\"8\" srcset=\"https:\/\/lericicoast.it\/parcoletterario\/wp-content\/uploads\/2024\/05\/8.png 1080w, https:\/\/lericicoast.it\/parcoletterario\/wp-content\/uploads\/2024\/05\/8-300x300.png 300w, https:\/\/lericicoast.it\/parcoletterario\/wp-content\/uploads\/2024\/05\/8-1024x1024.png 1024w, https:\/\/lericicoast.it\/parcoletterario\/wp-content\/uploads\/2024\/05\/8-150x150.png 150w, https:\/\/lericicoast.it\/parcoletterario\/wp-content\/uploads\/2024\/05\/8-768x768.png 768w, https:\/\/lericicoast.it\/parcoletterario\/wp-content\/uploads\/2024\/05\/8-200x200.png 200w, https:\/\/lericicoast.it\/parcoletterario\/wp-content\/uploads\/2024\/05\/8-100x100.png 100w, https:\/\/lericicoast.it\/parcoletterario\/wp-content\/uploads\/2024\/05\/8-380x380.png 380w, https:\/\/lericicoast.it\/parcoletterario\/wp-content\/uploads\/2024\/05\/8-20x20.png 20w, https:\/\/lericicoast.it\/parcoletterario\/wp-content\/uploads\/2024\/05\/8-190x190.png 190w, https:\/\/lericicoast.it\/parcoletterario\/wp-content\/uploads\/2024\/05\/8-760x760.png 760w\" sizes=\"auto, (max-width: 1080px) 100vw, 1080px\" \/>\t\t\t\t\t<\/div>\n\t\t\t\t\t<div class=\"thb-image-content\">\n\t\t<strong><span class=\"NormalTextRun SCXW26116978 BCX8\">Le onde <\/span><span class=\"NormalTextRun ContextualSpellingAndGrammarErrorV2Themed SCXW26116978 BCX8\">una<\/span><span class=\"NormalTextRun SCXW26116978 BCX8\"> a una si abbracciano<\/span> <span class=\"NormalTextRun SCXW26116978 BCX8\">(Rocchetta)<\/span><\/strong>\t\t<\/div>\n\t\t\t<\/div>\n\t[\/vc_column_inner][\/vc_row_inner][\/vc_tta_section][vc_tta_section title=&#8221;Mentre il vento respira leggero (Parco Shelley)&#8221; tab_id=&#8221;1717059039351-c18c4cea-c6d1&#8243;][vc_row_inner][vc_column_inner width=&#8221;1\/2&#8243;][vc_column_text]<span data-contrast=\"auto\">Questa visione del vento compare nella parte finale della poesia che \u00e8 stata intitolata <\/span><i><span data-contrast=\"auto\">Versi scritti nel Golfo di Lerici<\/span><\/i> <span data-contrast=\"auto\">menzionata anche nell\u2019opera collocata alla Rocchetta in cui sono incise le parole <\/span><i><span data-contrast=\"auto\">The Azure path. <\/span><\/i><span data-contrast=\"auto\">E\u2019 una delle ultime poesie scritte da Shelley, nel giugno 1822, un mese prima della morte: fa parte del \u201ccanzoniere per Jane\u201d, un gruppo di poesie dedicate a Jane Williams cui lo legava un\u2019intensa amicizia, forse un amore. Jane, e il marito Edward, che morir\u00e0 nel naufragio dell\u20198 luglio insieme a Percy e al mozzo Charles Vivian, erano venuti da Pisa insieme agli Shelley e vivevano con loro nella Villa Magni. Jane suonava la chitarra e l\u2019arpa, e cantava, commuovendo chi l\u2019ascoltava, in particolare Shelley, che le dedic\u00f2 versi dolcissimi; le fece anche dono di una chitarra accompagnata da una lirica, secondo la tradizione cortese, in cui si firmava <\/span><i><span data-contrast=\"auto\">Ariel<\/span><\/i><span data-contrast=\"auto\">, il nome dello spiritello della <\/span><i><span data-contrast=\"auto\">Tempesta <\/span><\/i><span data-contrast=\"auto\">di Shakespeare (lo stesso nome che aveva dato alla sua barca), dichiarandosi angelo custode dell\u2019amore tra lei e il marito. Questa poesia si divide quasi in due momenti: nella prima parte Shelley lamenta che Jane lo abbia lasciato solo, all\u2019alba, quando la luna ha finito di ascendere l\u2019azzurro sentiero verso la cupola del cielo, e abbia posto fine all\u2019incanto che la sua voce suscitava in lui facendogli dimenticare il passato e togliendogli ogni angoscia per cui il futuro. La seconda parte inizia invece con versi sconsolati<\/span><span data-ccp-props=\"{&quot;201341983&quot;:0,&quot;335559740&quot;:256}\">\u00a0<\/span><\/p>\n<p><i><span data-contrast=\"auto\">Ma subito, appena il mio angelo\u00a0<\/span><\/i><span data-ccp-props=\"{&quot;201341983&quot;:0,&quot;335559740&quot;:256}\">\u00a0<\/span><\/p>\n<p><i><span data-contrast=\"auto\">custode scomparve, ritornava il demone<\/span><\/i><span data-ccp-props=\"{&quot;201341983&quot;:0,&quot;335559740&quot;:256}\">\u00a0<\/span><\/p>\n<p><i><span data-contrast=\"auto\">a riprendersi il trono del mio cuore fragile.\u00a0<\/span><\/i><span data-ccp-props=\"{&quot;201341983&quot;:0,&quot;335559740&quot;:256}\">\u00a0<\/span><\/p>\n<p><span data-contrast=\"auto\">Verso la fine della poesia, per altro incompiuta, compare\u00a0\u00a0\u00a0 l\u2019immagine del vento che respira leggero sul mare mentre emerge la consapevolezza che non c\u2019\u00e8 possibile pace per chi ha compreso la perversit\u00e0 e l\u2018autodistruttivit\u00e0 delle passioni umane. Shelley stava allora inseguendo sempre pi\u00f9 angosciosamente il significato della vita che non riusciva a trovare, e lo stava esprimendo nel suo ultimo e tragico poema, anch\u2019esso incompiuto, <\/span><i><span data-contrast=\"auto\">Il trionfo della vita,<\/span><\/i><span data-contrast=\"auto\"> che \u00e8 in realt\u00e0 un trionfo della morte, non solo di ogni essere vivente, ma anche di ogni amore e illusione e forma di bellezza.\u00a0\u00a0<\/span><span data-ccp-props=\"{&quot;201341983&quot;:0,&quot;335559740&quot;:256}\">\u00a0<\/span>[\/vc_column_text][\/vc_column_inner][vc_column_inner width=&#8221;1\/2&#8243;]\t<div id=\"thb-image-69ef6bd2e7a35\" class=\"caption-style2  alignleft   thb_image_link wp-caption \">\n\t\t\t<div class=\"thb-image-inner size_100\">\n\t\t\t<img loading=\"lazy\" decoding=\"async\" width=\"1080\" height=\"1080\" src=\"https:\/\/lericicoast.it\/parcoletterario\/wp-content\/uploads\/2024\/05\/9.png\" class=\"thb_image    attachment-full\" alt=\"\" title=\"9\" srcset=\"https:\/\/lericicoast.it\/parcoletterario\/wp-content\/uploads\/2024\/05\/9.png 1080w, https:\/\/lericicoast.it\/parcoletterario\/wp-content\/uploads\/2024\/05\/9-300x300.png 300w, https:\/\/lericicoast.it\/parcoletterario\/wp-content\/uploads\/2024\/05\/9-1024x1024.png 1024w, https:\/\/lericicoast.it\/parcoletterario\/wp-content\/uploads\/2024\/05\/9-150x150.png 150w, https:\/\/lericicoast.it\/parcoletterario\/wp-content\/uploads\/2024\/05\/9-768x768.png 768w, https:\/\/lericicoast.it\/parcoletterario\/wp-content\/uploads\/2024\/05\/9-200x200.png 200w, https:\/\/lericicoast.it\/parcoletterario\/wp-content\/uploads\/2024\/05\/9-100x100.png 100w, https:\/\/lericicoast.it\/parcoletterario\/wp-content\/uploads\/2024\/05\/9-380x380.png 380w, https:\/\/lericicoast.it\/parcoletterario\/wp-content\/uploads\/2024\/05\/9-20x20.png 20w, https:\/\/lericicoast.it\/parcoletterario\/wp-content\/uploads\/2024\/05\/9-190x190.png 190w, https:\/\/lericicoast.it\/parcoletterario\/wp-content\/uploads\/2024\/05\/9-760x760.png 760w\" sizes=\"auto, (max-width: 1080px) 100vw, 1080px\" \/>\t\t\t\t\t<\/div>\n\t\t\t\t\t<div class=\"thb-image-content\">\n\t\t<strong><span class=\"LineBreakBlob BlobObject DragDrop SCXW53000935 BCX8\"><span class=\"NormalTextRun SCXW188549914 BCX8\" data-ccp-parastyle=\"Normal (Web)\">Mentre il vento respira leggero<\/span><span class=\"NormalTextRun SCXW188549914 BCX8\" data-ccp-parastyle=\"Normal (Web)\"> (Parco Shelley)<\/span><\/span><\/strong>\t\t<\/div>\n\t\t\t<\/div>\n\t[\/vc_column_inner][\/vc_row_inner][\/vc_tta_section][vc_tta_section title=&#8221;Essere vasto e diverso e insieme fisso (Parco Shelley)&#8221; tab_id=&#8221;1717059087689-44346b21-3c98&#8243;][vc_row_inner][vc_column_inner width=&#8221;1\/2&#8243;][vc_column_text]<span data-ccp-props=\"{&quot;201341983&quot;:0,&quot;335559740&quot;:256}\">\u00a0<\/span><\/p>\n<p><span data-contrast=\"auto\">Queste parole non sono di Percy Shelley, ma di Eugenio Montale, e sono tratte dalla poesia <\/span><i><span data-contrast=\"auto\">Antico, sono ubriacato dalla voce<\/span><\/i> <span data-contrast=\"none\">che fa parte del poemetto\u202fgiovanile <\/span><i><span data-contrast=\"none\">Mediterraneo<\/span><\/i><span data-contrast=\"none\">, composto nel 1924 e collocato al centro della raccolta uscita con il titolo di <\/span><a href=\"https:\/\/library.weschool.com\/lezione\/eugenio-montale-ossi-di-seppia-commento-3139.html\"><i><span data-contrast=\"auto\">Ossi di seppia<\/span><\/i><\/a><span data-contrast=\"none\">, a Torino, nelle edizioni di Piero Gobetti, nel 1925.\u00a0\u00a0\u00a0\u00a0\u00a0\u00a0\u00a0 Una voce, quella di Montale, che, forse meglio di ogni altra, ha saputo diventare, nel secolo scorso, \u201cil segno di riconoscimento di pi\u00f9 di una generazione, uno scatto immediato della memoria\u201d come \u00e8 stato detto.<\/span> <i><span data-contrast=\"none\">Mediterraneo<\/span><\/i> <span data-contrast=\"auto\">\u00e8 un dialogo ininterrotto di Montale col mare, attraverso nove poesie che tentano di spiegare il rapporto di fascinazione e ripulsa che si instaura tra il grande principio cosmico, sentito come un padre, e il figlio, che, da adulto, vorrebbe, ma non pu\u00f2 corrisponderlo come nell\u2019infanzia.\u00a0<\/span><span data-ccp-props=\"{&quot;201341983&quot;:0,&quot;335559740&quot;:256}\">\u00a0<\/span><\/p>\n<p><span data-ccp-props=\"{&quot;201341983&quot;:0,&quot;335557856&quot;:16777215,&quot;335559739&quot;:0,&quot;335559740&quot;:240}\">\u00a0<\/span><\/p>\n<p><i><span data-contrast=\"auto\">Essere vasto e diverso e insieme fisso <\/span><\/i><i><span data-contrast=\"none\">e svuotarmi cos\u00ec d&#8217;ogni lordura<\/span><\/i><br \/>\n<i><span data-contrast=\"none\">come tu fai che sbatti sulle sponde<\/span><\/i><br \/>\n<i><span data-contrast=\"none\">tra sugheri alghe asterie<\/span><\/i><br \/>\n<i><span data-contrast=\"none\">le\u202f<\/span><\/i><b><i><span data-contrast=\"none\">inutili macerie\u202f<\/span><\/i><\/b><i><span data-contrast=\"none\">del tuo abisso<\/span><\/i><span data-ccp-props=\"{&quot;201341983&quot;:0,&quot;335557856&quot;:16777215,&quot;335559739&quot;:0,&quot;335559740&quot;:240}\">\u00a0<\/span><\/p>\n<p><span data-ccp-props=\"{}\">\u00a0<\/span><\/p>\n<p><span data-contrast=\"auto\">\u00e8 l\u2019ammonimento, la legge, che il mare trasmette al bambino immerso nei suoi mille giochi a Monterosso, nelle Cinque Terre, sconvolgendolo e al tempo stesso annichilendolo con le sue mareggiate, perch\u00e9 possa sentirsi tutt\u2019uno con il flusso della vita e della morte, e poi della rigenerazione. E vengono riportate qui, nel marmo, quasi un invito inciso per tutti, a indicare una via di accordo con la natura che sia vitalistica e panica s\u00ec, ma etica al tempo stesso.\u00a0 Ammonimento di cui il poeta, da adulto, non si sente pi\u00f9 degno, per<\/span><span data-contrast=\"none\">ch\u00e9 incapace di svuotarsi di lordure e contraddizioni e attaccato tormentosamente alla terra. Nel dialogo, sempre cercato e ininterrotto, il giovane Montale non riesce a trovarsi pi\u00f9 in accordo col mare, che arriva ad apparirgli disumano e nemico, e sente crescere in s\u00e9 <\/span><i><span data-contrast=\"none\">la rancura che ogni figliolo, mare, ha per il padre<\/span><\/i><span data-contrast=\"none\">.\u00a0 Perch\u00e9 sa di essere come un\u2019agave attaccata allo scoglio che rifugge ai gorghi ruggenti cui ogni elemento si arrende; ama le sue sottili radici e al tempo stesso se ne vergogna; <\/span><i><span data-contrast=\"none\">e nel fermento di ogni essenza, coi miei racchiusi bocci che non sanno pi\u00f9 esplodere io sento la mia immobilit\u00e0 come un tormento.<\/span><\/i><span data-contrast=\"none\"> In fondo al cuore, per\u00f2, gli resta, per tutta la vita, il suono di quell\u2019ammonimento, l\u2019eco della legge rischiosa del mare,<\/span><i><span data-contrast=\"none\"> la speranza che un poco del tuo dono sia passato per sempre nelle sillabe che rechiamo con noi, api ronzanti.<\/span><\/i><span data-ccp-props=\"{&quot;201341983&quot;:0,&quot;335559740&quot;:256}\">\u00a0<\/span><\/p>\n<p><i><span data-contrast=\"none\">Antico, sono ubriacato dalla voce ch&#8217;esce dalle tue bocche<\/span><\/i><span data-ccp-props=\"{&quot;201341983&quot;:0,&quot;335557856&quot;:16777215,&quot;335559685&quot;:600,&quot;335559739&quot;:0,&quot;335559740&quot;:240}\">\u00a0<\/span><\/p>\n<p><i><span data-contrast=\"none\">quando si schiudono come verdi campane<\/span><\/i><span data-ccp-props=\"{&quot;201341983&quot;:0,&quot;335557856&quot;:16777215,&quot;335559685&quot;:600,&quot;335559739&quot;:0,&quot;335559740&quot;:240}\">\u00a0<\/span><\/p>\n<p><i><span data-contrast=\"none\">e si ributtano indietro e si disciolgono.<\/span><\/i><br \/>\n<i><span data-contrast=\"none\">La casa delle mie estati lontane,<\/span><\/i><br \/>\n<i><span data-contrast=\"none\">t&#8217;era accanto, lo sai,<\/span><\/i><br \/>\n<i><span data-contrast=\"none\">l\u00e0 nel paese dove il sole cuoce<\/span><\/i><br \/>\n<i><span data-contrast=\"none\">e annuvolano l&#8217;aria le zanzare.<\/span><\/i><br \/>\n<i><span data-contrast=\"none\">Come allora oggi in tua presenza impietro, mare,<\/span><\/i><span data-ccp-props=\"{&quot;201341983&quot;:0,&quot;335557856&quot;:16777215,&quot;335559685&quot;:600,&quot;335559739&quot;:0,&quot;335559740&quot;:240}\">\u00a0<\/span><\/p>\n<p><i><span data-contrast=\"none\">ma non pi\u00f9 degno mi credo del solenne ammonimento del tuo respiro.<\/span><\/i><span data-ccp-props=\"{&quot;201341983&quot;:0,&quot;335557856&quot;:16777215,&quot;335559685&quot;:600,&quot;335559739&quot;:0,&quot;335559740&quot;:240}\">\u00a0<\/span><\/p>\n<p><i><span data-contrast=\"none\">Tu m&#8217;hai detto primo<\/span><\/i><br \/>\n<i><span data-contrast=\"none\">che il piccino fermento del mio cuore<\/span><\/i><span data-ccp-props=\"{&quot;201341983&quot;:0,&quot;335557856&quot;:16777215,&quot;335559685&quot;:600,&quot;335559739&quot;:0,&quot;335559740&quot;:240}\">\u00a0<\/span><\/p>\n<p><i><span data-contrast=\"none\">non era che un momento del tuo;<\/span><\/i><span data-ccp-props=\"{&quot;201341983&quot;:0,&quot;335557856&quot;:16777215,&quot;335559685&quot;:600,&quot;335559739&quot;:0,&quot;335559740&quot;:240}\">\u00a0<\/span><\/p>\n<p><i><span data-contrast=\"none\">che mi era in fondo la tua legge rischiosa:<\/span><\/i><span data-ccp-props=\"{&quot;201341983&quot;:0,&quot;335557856&quot;:16777215,&quot;335559685&quot;:600,&quot;335559739&quot;:0,&quot;335559740&quot;:240}\">\u00a0<\/span><\/p>\n<p><i><span data-contrast=\"none\">esser vasto e diverso<\/span><\/i><br \/>\n<i><span data-contrast=\"none\">e insieme fisso:<\/span><\/i><br \/>\n<i><span data-contrast=\"none\">e svuotarmi cos\u00ec d&#8217;ogni lordura<\/span><\/i><br \/>\n<i><span data-contrast=\"none\">come tu fai che sbatti sulle sponde<\/span><\/i><br \/>\n<i><span data-contrast=\"none\">tra sugheri alghe asterie<\/span><\/i><br \/>\n<i><span data-contrast=\"none\">le\u202f<\/span><\/i><b><i><span data-contrast=\"none\">inutili macerie\u202f<\/span><\/i><\/b><i><span data-contrast=\"none\">del tuo abisso.<\/span><\/i><span data-ccp-props=\"{&quot;201341983&quot;:0,&quot;335557856&quot;:16777215,&quot;335559685&quot;:600,&quot;335559739&quot;:0,&quot;335559740&quot;:240}\">\u00a0<\/span>[\/vc_column_text][\/vc_column_inner][vc_column_inner width=&#8221;1\/2&#8243;]\t<div id=\"thb-image-69ef6bd2e839e\" class=\"caption-style2  alignleft   thb_image_link wp-caption \">\n\t\t\t<div class=\"thb-image-inner size_100\">\n\t\t\t<img loading=\"lazy\" decoding=\"async\" width=\"1080\" height=\"1080\" src=\"https:\/\/lericicoast.it\/parcoletterario\/wp-content\/uploads\/2024\/05\/10.png\" class=\"thb_image    attachment-full\" alt=\"\" title=\"10\" srcset=\"https:\/\/lericicoast.it\/parcoletterario\/wp-content\/uploads\/2024\/05\/10.png 1080w, https:\/\/lericicoast.it\/parcoletterario\/wp-content\/uploads\/2024\/05\/10-300x300.png 300w, https:\/\/lericicoast.it\/parcoletterario\/wp-content\/uploads\/2024\/05\/10-1024x1024.png 1024w, https:\/\/lericicoast.it\/parcoletterario\/wp-content\/uploads\/2024\/05\/10-150x150.png 150w, https:\/\/lericicoast.it\/parcoletterario\/wp-content\/uploads\/2024\/05\/10-768x768.png 768w, https:\/\/lericicoast.it\/parcoletterario\/wp-content\/uploads\/2024\/05\/10-200x200.png 200w, https:\/\/lericicoast.it\/parcoletterario\/wp-content\/uploads\/2024\/05\/10-100x100.png 100w, https:\/\/lericicoast.it\/parcoletterario\/wp-content\/uploads\/2024\/05\/10-380x380.png 380w, https:\/\/lericicoast.it\/parcoletterario\/wp-content\/uploads\/2024\/05\/10-20x20.png 20w, https:\/\/lericicoast.it\/parcoletterario\/wp-content\/uploads\/2024\/05\/10-190x190.png 190w, https:\/\/lericicoast.it\/parcoletterario\/wp-content\/uploads\/2024\/05\/10-760x760.png 760w\" sizes=\"auto, (max-width: 1080px) 100vw, 1080px\" \/>\t\t\t\t\t<\/div>\n\t\t\t\t\t<div class=\"thb-image-content\">\n\t\t<strong><span class=\"TextRun SCXW79936860 BCX8\" lang=\"IT-IT\" xml:lang=\"IT-IT\" data-contrast=\"auto\"><span class=\"NormalTextRun SCXW79936860 BCX8\">Essere vasto e diverso e insieme fisso<\/span><span class=\"NormalTextRun SCXW79936860 BCX8\"> (Parco Shelley)<\/span><\/span><span class=\"EOP SCXW79936860 BCX8\" data-ccp-props=\"{&quot;201341983&quot;:0,&quot;335559740&quot;:256}\">\u00a0<\/span><\/strong>\t\t<\/div>\n\t\t\t<\/div>\n\t[\/vc_column_inner][\/vc_row_inner][\/vc_tta_section]\t<\/div>\n\t[\/vc_column][\/vc_row][vc_row el_class=&#8221;align-center&#8221; css=&#8221;.vc_custom_1517737245068{padding-top: 15vh !important;padding-bottom: 5vh !important;}&#8221;][vc_column width=&#8221;1\/2&#8243; offset=&#8221;vc_col-lg-5 vc_col-md-5&#8243;]\t<div id=\"thb-slidetype-69ef6bd2e8c46\" class=\"thb-slidetype \" data-style=\"style1\">\n\t\t\n<h2><span class=\"thb-slidetype-entry\"><span class=\"lines\">San Terenzo Parco Shelley<\/span><\/span><\/h2>\n\t\t\t<\/div>\n\n\t[\/vc_column][vc_column width=&#8221;1\/2&#8243;][\/vc_column][\/vc_row][vc_row el_class=&#8221;align-center&#8221;][vc_column width=&#8221;1\/2&#8243; offset=&#8221;vc_col-lg-5 vc_col-md-5&#8243; css=&#8221;.vc_custom_1517841099483{padding-right: 2vh !important;}&#8221;][vc_column_text animation=&#8221;animation bottom-to-top&#8221;]Arte, poesia e paesaggio si fondono per dare vita ad una nuova suggestiva esperienza all\u2019interno del Parco Regionale di Montemarcello &#8211; Magra Vara, area protetta che si estende dalla collina alla costa, regalando panorami mozzafiato. Il nuovo Parco Letterario Percy Shelley \u00e8 fonte di ispirazione per itinerari, diversi per durata e intensit\u00e0, fruibili da chiunque, ciascuno in base alle proprie capacit\u00e0 e attitudini<\/p>\n<p>Si inserisce come un parco diffuso tra il mare e la montagna, un\u2019occasione per scoprire sia i luoghi del poeta, sia altri tesori nascosti &#8211; essi stessi poesia &#8211; attraverso una coinvolgente esperienza artistica multisensoriale. In questo contesto, anche l\u2019antica stamperia clandestina di Villa Volpara, detta \u201cil Fodo\u201d, diventa un nuovo punto nevralgico dove gli anelli Percy e Mary si \u201cincontrano\u201d come in una danza tra due poeti innamorati.[\/vc_column_text][vc_empty_space height=&#8221;20px&#8221;][\/vc_column][vc_column width=&#8221;1\/2&#8243; css=&#8221;.vc_custom_1517841006644{padding-right: 8vh !important;}&#8221;][vc_column_text animation=&#8221;animation bottom-to-top&#8221;]Alla Pietraia della Rocchetta, otto opere d\u2019arte di <strong>Marco Nereo Rotelli<\/strong> &#8211; libri letterari in marmo con scolpiti i versi shelleyani &#8211; ricreano un piccolo museo a cielo aperto, uno spazio contemplativo dove ammirare il paesaggio, lasciandosi trasportare dalla suggestione poetica trasmessa dall\u2019arte e dal panorama stesso.<\/p>\n<p>Parallelamente, a San Terenzo, Parco Shelley \u2013 accanto a Villa Magni, ultima dimora terrena del poeta &#8211; diventa teatro di una nuova scenografia ove ammirare altri libri poetici, scoprendo il luogo iconico e senza tempo che ispir\u00f2 gli ultimi componimenti di Shelley prima della sua tragica scomparsa.[\/vc_column_text][vc_empty_space height=&#8221;60px&#8221;][\/vc_column][\/vc_row][vc_row thb_full_width=&#8221;true&#8221; el_class=&#8221;align-center&#8221; css=&#8221;.vc_custom_1717670705875{padding-top: 12vh !important;padding-bottom: 10vh !important;}&#8221;][vc_column offset=&#8221;vc_col-lg-6 vc_col-md-8&#8243;]\t<div id=\"thb-image-slider-749\" class=\"thb-image-slider thb-carousel row  overflow-visible   \" data-pagination=\"true\" data-center=\"\" data-columns=\"1\" data-infinite=\"true\" data-autoplay=\"\" data-autoplay-speed=\"4000\" data-navigation=\"\">\n\t\t\t\t\t\t<figure class=\"columns\">\n\t\t\t\t\t\t\t\t<img loading=\"lazy\" decoding=\"async\" width=\"2048\" height=\"1536\" src=\"https:\/\/lericicoast.it\/parcoletterario\/wp-content\/uploads\/2018\/03\/IMG_4892-1.jpg\" class=\"\" alt=\"\" srcset=\"https:\/\/lericicoast.it\/parcoletterario\/wp-content\/uploads\/2018\/03\/IMG_4892-1.jpg 2048w, https:\/\/lericicoast.it\/parcoletterario\/wp-content\/uploads\/2018\/03\/IMG_4892-1-300x225.jpg 300w, https:\/\/lericicoast.it\/parcoletterario\/wp-content\/uploads\/2018\/03\/IMG_4892-1-1024x768.jpg 1024w, https:\/\/lericicoast.it\/parcoletterario\/wp-content\/uploads\/2018\/03\/IMG_4892-1-768x576.jpg 768w, https:\/\/lericicoast.it\/parcoletterario\/wp-content\/uploads\/2018\/03\/IMG_4892-1-1536x1152.jpg 1536w, https:\/\/lericicoast.it\/parcoletterario\/wp-content\/uploads\/2018\/03\/IMG_4892-1-380x285.jpg 380w, https:\/\/lericicoast.it\/parcoletterario\/wp-content\/uploads\/2018\/03\/IMG_4892-1-20x15.jpg 20w, https:\/\/lericicoast.it\/parcoletterario\/wp-content\/uploads\/2018\/03\/IMG_4892-1-190x143.jpg 190w, https:\/\/lericicoast.it\/parcoletterario\/wp-content\/uploads\/2018\/03\/IMG_4892-1-760x570.jpg 760w, https:\/\/lericicoast.it\/parcoletterario\/wp-content\/uploads\/2018\/03\/IMG_4892-1-1140x855.jpg 1140w\" sizes=\"auto, (max-width: 2048px) 100vw, 2048px\" \/>\t\t\t\t\t\t\t\t<\/figure>\n\t\t\t\t<\/div>\n\t[\/vc_column][\/vc_row][vc_row el_class=&#8221;align-center&#8221; css=&#8221;.vc_custom_1717670675201{padding-top: 5px !important;padding-bottom: 10vh !important;}&#8221;][vc_column offset=&#8221;vc_col-lg-6 vc_col-md-8&#8243;][vc_column_text animation=&#8221;animation bottom-to-top&#8221;]La parola all\u2019artista, <strong>Marco Nereo Rotelli<\/strong>: \u201cI<em>l piccolo parco letterario dedicato a Percy Shelley \u00e8 stato realizzato scolpendo il marmo, plasmandolo a forma di libro e scolpendo i versi magici di questo grande poeta. Nella localit\u00e0 detta \u201c<strong>Pietraia<\/strong>\u201d \u00e8 stato ideato un percorso dove le sculture sono parte del paesaggio stesso. Un luogo di una struggente poesia di meditazione, di incontro tra l\u2019essere e l\u2019ambiente. Riprendendo le parole di un altro grande poeta, Joseph Brodsky: \u00c8 come se lo spazio, consapevole della propria inferiorit\u00e0 rispetto al tempo, gli rispondesse con l\u2019unica propriet\u00e0 che il tempo non possiede: la bellezza.<\/em>\u201d<\/p>\n[\/vc_column_text][vc_column_text animation=&#8221;animation bottom-to-top&#8221;]Una delle opere collocate a <strong>Parco Shelley<\/strong> riporta un verso di <strong>Eugenio Montale<\/strong>, in una sorta di ponte letterario che collega il <strong>Golfo dei Poeti<\/strong> alle <strong>Cinque Terre<\/strong>, tra due voci che hanno cantato, ciascuna a proprio modo, la Liguria \u2026 una Regione che \u00e8, essa stessa, poesia.[\/vc_column_text][\/vc_column][\/vc_row]\n<\/section>","protected":false},"excerpt":{"rendered":"<p>Il nuovo Parco Letterario dedicato a Percy B. Shelley \u00e8 stato ideato in occasione del bicentenario dalla morte del poeta, avvenuta nel 1822. Il progetto ha l\u2019obiettivo di unire idealmente \u2013 e non solo \u2013 due luoghi unici e iconici: Parco Shelley a San Terenzo e la cosiddetta \u201cPietraia\u201d, ai piedi del Forte della Rocchetta.<\/p>\n","protected":false},"featured_media":338,"comment_status":"closed","ping_status":"closed","template":"","tags":[],"class_list":["post-138","portfolio","type-portfolio","status-publish","has-post-thumbnail","hentry","portfolio-category-animation"],"_links":{"self":[{"href":"https:\/\/lericicoast.it\/parcoletterario\/wp-json\/wp\/v2\/portfolio\/138","targetHints":{"allow":["GET"]}}],"collection":[{"href":"https:\/\/lericicoast.it\/parcoletterario\/wp-json\/wp\/v2\/portfolio"}],"about":[{"href":"https:\/\/lericicoast.it\/parcoletterario\/wp-json\/wp\/v2\/types\/portfolio"}],"replies":[{"embeddable":true,"href":"https:\/\/lericicoast.it\/parcoletterario\/wp-json\/wp\/v2\/comments?post=138"}],"version-history":[{"count":34,"href":"https:\/\/lericicoast.it\/parcoletterario\/wp-json\/wp\/v2\/portfolio\/138\/revisions"}],"predecessor-version":[{"id":850,"href":"https:\/\/lericicoast.it\/parcoletterario\/wp-json\/wp\/v2\/portfolio\/138\/revisions\/850"}],"wp:featuredmedia":[{"embeddable":true,"href":"https:\/\/lericicoast.it\/parcoletterario\/wp-json\/wp\/v2\/media\/338"}],"wp:attachment":[{"href":"https:\/\/lericicoast.it\/parcoletterario\/wp-json\/wp\/v2\/media?parent=138"}],"wp:term":[{"taxonomy":"post_tag","embeddable":true,"href":"https:\/\/lericicoast.it\/parcoletterario\/wp-json\/wp\/v2\/tags?post=138"}],"curies":[{"name":"wp","href":"https:\/\/api.w.org\/{rel}","templated":true}]}}